{"id":35,"date":"2025-01-13T17:25:42","date_gmt":"2025-01-13T17:25:42","guid":{"rendered":"http:\/\/resofer.com.pe\/?page_id=35"},"modified":"2025-01-29T16:31:54","modified_gmt":"2025-01-29T16:31:54","slug":"nosotros-2","status":"publish","type":"page","link":"https:\/\/clinicafernandez.com.pe\/home\/nosotros-2\/","title":{"rendered":"NOSOTROS"},"content":{"rendered":"\n<div class=\"wp-block-group alignfull\" style=\"padding-top:var(--wp--preset--spacing--40);padding-right:var(--wp--preset--spacing--30);padding-bottom:var(--wp--preset--spacing--40);padding-left:var(--wp--preset--spacing--30)\"><div class=\"wp-block-group__inner-container is-layout-constrained wp-container-core-group-is-layout-a93d0d1d wp-block-group-is-layout-constrained\">\n<div class=\"wp-block-group alignwide is-vertical is-content-justification-center is-layout-flex wp-container-core-group-is-layout-9a7cdcfd wp-block-group-is-layout-flex\">\n<div class=\"wp-block-group is-nowrap is-layout-flex wp-container-core-group-is-layout-ad2f72ca wp-block-group-is-layout-flex\"><h1 class=\"has-link-color wp-elements-9728cce79011b64628d7f6beff066787 wp-block-site-title has-text-color has-contrast-color has-large-font-size\"><a href=\"https:\/\/clinicafernandez.com.pe\/home\" target=\"_self\" rel=\"home\">Cl\u00ednica Fern\u00e1ndez<\/a><\/h1>\n\n<div class=\"is-default-size is-style-rounded is-style-rounded--1 wp-block-site-logo\"><a href=\"https:\/\/clinicafernandez.com.pe\/home\/\" class=\"custom-logo-link\" rel=\"home\"><img fetchpriority=\"high\" decoding=\"async\" width=\"2558\" height=\"1045\" src=\"https:\/\/clinicafernandez.com.pe\/home\/wp-content\/uploads\/2025\/01\/cropped-CLINICA-FERNANDEZ-MOD_marca-de-agua-scaled-1.jpg\" class=\"custom-logo\" alt=\"Cl\u00ednica Fern\u00e1ndez\" srcset=\"https:\/\/clinicafernandez.com.pe\/home\/wp-content\/uploads\/2025\/01\/cropped-CLINICA-FERNANDEZ-MOD_marca-de-agua-scaled-1.jpg 2558w, https:\/\/clinicafernandez.com.pe\/home\/wp-content\/uploads\/2025\/01\/cropped-CLINICA-FERNANDEZ-MOD_marca-de-agua-scaled-1-300x123.jpg 300w, https:\/\/clinicafernandez.com.pe\/home\/wp-content\/uploads\/2025\/01\/cropped-CLINICA-FERNANDEZ-MOD_marca-de-agua-scaled-1-1024x418.jpg 1024w, https:\/\/clinicafernandez.com.pe\/home\/wp-content\/uploads\/2025\/01\/cropped-CLINICA-FERNANDEZ-MOD_marca-de-agua-scaled-1-768x314.jpg 768w, https:\/\/clinicafernandez.com.pe\/home\/wp-content\/uploads\/2025\/01\/cropped-CLINICA-FERNANDEZ-MOD_marca-de-agua-scaled-1-1536x627.jpg 1536w, https:\/\/clinicafernandez.com.pe\/home\/wp-content\/uploads\/2025\/01\/cropped-CLINICA-FERNANDEZ-MOD_marca-de-agua-scaled-1-2048x837.jpg 2048w\" sizes=\"(max-width: 2558px) 100vw, 2558px\" \/><\/a><\/div><\/div>\n<\/div>\n\n\n\n<p class=\"has-text-align-center has-vivid-green-cyan-background-color has-background has-medium-font-size\"><strong>NOSOTROS SOMOS<\/strong><\/p>\n<\/div><\/div>\n\n\n\n<div class=\"wp-block-columns is-layout-flex wp-container-core-columns-is-layout-9d6595d7 wp-block-columns-is-layout-flex\">\n<div class=\"wp-block-column is-layout-flow wp-block-column-is-layout-flow\" style=\"flex-basis:33.33%\">\n<figure class=\"wp-block-image size-full is-style-rounded\"><img decoding=\"async\" width=\"539\" height=\"463\" src=\"http:\/\/resofer.com.pe\/wp-content\/uploads\/2025\/01\/Captura_de_pantalla_2025-01-13_115007-removebg-preview.png\" alt=\"xczxcxzczxc\" class=\"wp-image-38\" srcset=\"https:\/\/clinicafernandez.com.pe\/home\/wp-content\/uploads\/2025\/01\/Captura_de_pantalla_2025-01-13_115007-removebg-preview.png 539w, https:\/\/clinicafernandez.com.pe\/home\/wp-content\/uploads\/2025\/01\/Captura_de_pantalla_2025-01-13_115007-removebg-preview-300x258.png 300w\" sizes=\"(max-width: 539px) 100vw, 539px\" \/><\/figure>\n<\/div>\n\n\n\n<div class=\"wp-block-column is-layout-flow wp-block-column-is-layout-flow\" style=\"flex-basis:66.66%\">\n<p><strong>Ecodiagn\u00f3stico Integral<\/strong>, donde brindamos servicios de diagn\u00f3stico m\u00e9dico de alta calidad y cuidado integral en salud ocupacional bajo la direcci\u00f3n del <strong>Dr. Jos\u00e9 Luis Hern\u00e1ndez Roman\u00ed<\/strong>, un profesional con amplia experiencia y compromiso con la salud, nos enfocamos en ofrecer soluciones personalizadas para cada paciente, \u00abSomos tus aliados en el cuidado de la salud integral.\u00bb<\/p>\n<\/div>\n<\/div>\n\n\n\n<div class=\"wp-block-group\"><div class=\"wp-block-group__inner-container is-layout-constrained wp-block-group-is-layout-constrained\">\n<div class=\"wp-block-media-text has-media-on-the-right is-stacked-on-mobile is-image-fill-element\" style=\"grid-template-columns:auto 30%\"><div class=\"wp-block-media-text__content\">\n<p class=\"has-text-align-center has-vivid-green-cyan-background-color has-background has-medium-font-size\"><mark style=\"background-color:rgba(0, 0, 0, 0)\" class=\"has-inline-color has-black-color\"><strong>Misi\u00f3n<\/strong><\/mark><\/p>\n\n\n\n<p>Brindar servicios m\u00e9dicos especializados en diagn\u00f3stico e im\u00e1genes de alta precisi\u00f3n, as\u00ed como en programas de salud ocupacional, siempre con los m\u00e1s altos est\u00e1ndares de calidad. <br>Nos comprometemos a integrar tecnolog\u00eda avanzada, un equipo multidisciplinario de expertos y un enfoque centrado en el ser humano, para asegurar un impacto positivo en la salud y el bienestar de las personas. En <strong>Ecodiagn\u00f3stico Integral<\/strong>, nuestra misi\u00f3n es ser el puente entre el diagn\u00f3stico certero y una vida m\u00e1s saludable.<\/p>\n<\/div><figure class=\"wp-block-media-text__media\"><img decoding=\"async\" width=\"1024\" height=\"1024\" src=\"http:\/\/resofer.com.pe\/wp-content\/uploads\/2025\/01\/fotor-ai-20250113121819.jpg\" alt=\"\" class=\"wp-image-39 size-full\" style=\"object-position:50% 50%\" srcset=\"https:\/\/clinicafernandez.com.pe\/home\/wp-content\/uploads\/2025\/01\/fotor-ai-20250113121819.jpg 1024w, https:\/\/clinicafernandez.com.pe\/home\/wp-content\/uploads\/2025\/01\/fotor-ai-20250113121819-300x300.jpg 300w, https:\/\/clinicafernandez.com.pe\/home\/wp-content\/uploads\/2025\/01\/fotor-ai-20250113121819-150x150.jpg 150w, https:\/\/clinicafernandez.com.pe\/home\/wp-content\/uploads\/2025\/01\/fotor-ai-20250113121819-768x768.jpg 768w\" sizes=\"(max-width: 1024px) 100vw, 1024px\" \/><\/figure><\/div>\n<\/div><\/div>\n\n\n\n<hr class=\"wp-block-separator alignwide has-alpha-channel-opacity is-style-wide\"\/>\n\n\n\n<div class=\"wp-block-media-text is-stacked-on-mobile is-image-fill-element has-medium-font-size\" style=\"grid-template-columns:28% auto\"><figure class=\"wp-block-media-text__media\"><img loading=\"lazy\" decoding=\"async\" width=\"1005\" height=\"980\" src=\"http:\/\/resofer.com.pe\/wp-content\/uploads\/2025\/01\/medical-caduceus-symbol-design-illustration-eps-format-suitable-for-your-design-needs-logo-illustration-animation-etc-vector.jpg\" alt=\"\" class=\"wp-image-57 size-thumbnail\" style=\"object-position:50% 50%\" srcset=\"https:\/\/clinicafernandez.com.pe\/home\/wp-content\/uploads\/2025\/01\/medical-caduceus-symbol-design-illustration-eps-format-suitable-for-your-design-needs-logo-illustration-animation-etc-vector.jpg 1005w, https:\/\/clinicafernandez.com.pe\/home\/wp-content\/uploads\/2025\/01\/medical-caduceus-symbol-design-illustration-eps-format-suitable-for-your-design-needs-logo-illustration-animation-etc-vector-300x293.jpg 300w, https:\/\/clinicafernandez.com.pe\/home\/wp-content\/uploads\/2025\/01\/medical-caduceus-symbol-design-illustration-eps-format-suitable-for-your-design-needs-logo-illustration-animation-etc-vector-768x749.jpg 768w\" sizes=\"(max-width: 1005px) 100vw, 1005px\" \/><\/figure><div class=\"wp-block-media-text__content\">\n<p class=\"has-text-align-center has-vivid-green-cyan-background-color has-background\"><strong>VISI\u00d3N<\/strong> <\/p>\n\n\n\n<p class=\"has-medium-font-size\">Ser una instituci\u00f3n l\u00edder y referente en el \u00e1mbito de la salud, destac\u00e1ndonos por la excelencia en diagn\u00f3stico m\u00e9dico y programas de salud ocupacional aspiramos a consolidarnos como la primera opci\u00f3n tanto para pacientes como para empresas, gracias a nuestra innovaci\u00f3n tecnol\u00f3gica, atenci\u00f3n de calidad y enfoque humano.<br>Queremos marcar la diferencia en la vida de quienes conf\u00edan en nosotros, ofreciendo un servicio integral que combine precisi\u00f3n, cuidado y resultados que impacten positivamente en la calidad de vida, nuestra visi\u00f3n es crear un legado de confianza y bienestar, posicion\u00e1ndonos como el mejor aliado en el cuidado de la salud integral.<\/p>\n<\/div><\/div>\n\n\n\n<p class=\"has-text-align-center has-vivid-green-cyan-background-color has-background\"><strong>NUESTROS VALORES<\/strong><\/p>\n\n\n\n<details class=\"wp-block-details has-black-color has-cyan-bluish-gray-background-color has-text-color has-background has-link-color has-medium-font-size wp-elements-f2f62f762e62a2123b245dba50abbc0c is-layout-flow wp-block-details-is-layout-flow\"><summary>LE GARANTIZAMOS<br>COMPROMISO <br>Nuestro trabajo se centra en brindar lo mejor de nosotros mismos para garantizar la salud y el bienestar de nuestros pacientes, cada diagn\u00f3stico, cada consulta y cada acci\u00f3n est\u00e1n guiados por un fuerte sentido de responsabilidad.<br>INNOVACI\u00d3N<br>Creemos firmemente en la importancia de mantenernos a la vanguardia de la tecnolog\u00eda, esto nos permite ofrecer diagn\u00f3sticos r\u00e1pidos, precisos y confiables que beneficien directamente a nuestros pacientes y clientes.<br>\u00c9TICA<br>La transparencia y la integridad son pilares fundamentales de nuestro trabajo actuamos con respeto y honestidad en cada interacci\u00f3n, asegur\u00e1ndonos de que nuestras decisiones est\u00e9n siempre alineadas con el bienestar de quienes conf\u00edan en nosotros.<br>ATENCI\u00d3N PERSONALIZADA<br>Cada persona es \u00fanica, y sus necesidades tambi\u00e9n lo son por ello, trabajamos con un enfoque personalizado, creando soluciones adaptadas que atiendan de manera efectiva las particularidades de cada paciente o empresa.<br>EXCELENCIA<br>Nos esforzamos continuamente por mejorar nuestros servicios y superar las expectativas de nuestros pacientes, la calidad no es solo un objetivo, es un est\u00e1ndar que nos define y nos motiva d\u00eda a d\u00eda.<\/summary>\n<p><\/p>\n<\/details>\n\n\n\n<hr class=\"wp-block-separator has-alpha-channel-opacity is-style-wide\"\/>\n\n\n\n<div class=\"wp-block-group alignfull has-background-color has-white-color has-black-background-color has-text-color has-background has-link-color has-medium-font-size wp-elements-1cd7ed5b32f03a2e5b4ecb7d79af1bec\" style=\"min-height:40vh;margin-top:0;margin-bottom:0;padding-top:var(--wp--preset--spacing--60);padding-right:var(--wp--preset--spacing--40);padding-bottom:var(--wp--preset--spacing--60);padding-left:var(--wp--preset--spacing--40)\"><div class=\"wp-block-group__inner-container is-layout-constrained wp-container-core-group-is-layout-27c39f3e wp-block-group-is-layout-constrained\">\n<div class=\"wp-block-columns alignwide has-small-font-size is-layout-flex wp-container-core-columns-is-layout-9d6595d7 wp-block-columns-is-layout-flex\">\n<div class=\"wp-block-column is-layout-flow wp-block-column-is-layout-flow\">\n<p class=\"has-text-align-center\">Ubicaci\u00f3n<\/p>\n\n\n\n<p class=\"has-text-align-center\">Nos ubicamos Frente a Iglesia Las Carmelitas, Ave Arenas 140, Abancay 03001<\/p>\n\n\n\n<div style=\"height:24px\" aria-hidden=\"true\" class=\"wp-block-spacer\"><\/div>\n<\/div>\n\n\n\n<div class=\"wp-block-column is-layout-flow wp-block-column-is-layout-flow\">\n<p class=\"has-text-align-center\">Contactos<\/p>\n\n\n\n<p class=\"has-text-align-center\">Tel\u00e9fono: 083-635326 <\/p>\n\n\n\n<p class=\"has-text-align-center\">Celular: +51 978 026 060<\/p>\n\n\n\n<div style=\"height:24px\" aria-hidden=\"true\" class=\"wp-block-spacer\"><\/div>\n<\/div>\n\n\n\n<div class=\"wp-block-column is-layout-flow wp-block-column-is-layout-flow\">\n<p class=\"has-text-align-center\">S\u00edguenos<\/p>\n\n\n\n<div class=\"wp-block-group is-vertical is-content-justification-center is-layout-flex wp-container-core-group-is-layout-bdd043ae wp-block-group-is-layout-flex\">\n<p><a href=\"https:\/\/web.facebook.com\/chequeointegral\/?locale=es_LA&amp;_rdc=1&amp;_rdr#\">Facebook<\/a><\/p>\n\n\n\n<p><a href=\"https:\/\/www.instagram.com\/clinicafernandezabancay\/?igsh=a29xenRsNTZ3aXRx#\">Instagram<\/a><\/p>\n\n\n\n<p><a href=\"#\">Twitter<\/a><\/p>\n<\/div>\n\n\n\n<div style=\"height:24px\" aria-hidden=\"true\" class=\"wp-block-spacer\"><\/div>\n<\/div>\n<\/div>\n\n\n\n<div class=\"wp-block-group alignwide is-content-justification-center is-layout-flex wp-container-core-group-is-layout-5590e8cb wp-block-group-is-layout-flex\">\n<p class=\"has-text-align-center has-small-font-size\" id=\"hope-fre\">Desarrolladox@fb_<code><a href=\"https:\/\/web.facebook.com\/profile.php?id=100081027960733&amp;locale=es_LA\">FreydenCartagos<\/a><\/code><\/p>\n<\/div>\n<\/div><\/div>\n\n\n\n<p><\/p>\n","protected":false},"excerpt":{"rendered":"<p>NOSOTROS SOMOS Ecodiagn\u00f3stico Integral, donde brindamos servicios de diagn\u00f3stico m\u00e9dico de alta calidad y cuidado integral en salud ocupacional bajo la direcci\u00f3n del Dr. Jos\u00e9 Luis Hern\u00e1ndez Roman\u00ed, un profesional con amplia experiencia y compromiso con la salud, nos enfocamos en ofrecer soluciones personalizadas para cada paciente, \u00abSomos tus aliados en el cuidado de la [&hellip;]<\/p>\n","protected":false},"author":2,"featured_media":0,"parent":0,"menu_order":0,"comment_status":"closed","ping_status":"closed","template":"","meta":{"_joinchat":[],"footnotes":""},"class_list":["post-35","page","type-page","status-publish","hentry"],"yoast_head":"<!-- This site is optimized with the Yoast SEO plugin v24.3 - https:\/\/yoast.com\/wordpress\/plugins\/seo\/ -->\n<title>NOSOTROS - Cl\u00ednica Fern\u00e1ndez<\/title>\n<meta name=\"robots\" content=\"index, follow, max-snippet:-1, max-image-preview:large, max-video-preview:-1\" \/>\n<link rel=\"canonical\" href=\"http:\/\/clinicafernandez.com.pe\/home\/nosotros-2\/\" \/>\n<meta property=\"og:locale\" content=\"es_ES\" \/>\n<meta property=\"og:type\" content=\"article\" \/>\n<meta property=\"og:title\" content=\"NOSOTROS - Cl\u00ednica Fern\u00e1ndez\" \/>\n<meta property=\"og:description\" content=\"NOSOTROS SOMOS Ecodiagn\u00f3stico Integral, donde brindamos servicios de diagn\u00f3stico m\u00e9dico de alta calidad y cuidado integral en salud ocupacional bajo la direcci\u00f3n del Dr. Jos\u00e9 Luis Hern\u00e1ndez Roman\u00ed, un profesional con amplia experiencia y compromiso con la salud, nos enfocamos en ofrecer soluciones personalizadas para cada paciente, \u00abSomos tus aliados en el cuidado de la [&hellip;]\" \/>\n<meta property=\"og:url\" content=\"http:\/\/clinicafernandez.com.pe\/home\/nosotros-2\/\" \/>\n<meta property=\"og:site_name\" content=\"Cl\u00ednica Fern\u00e1ndez\" \/>\n<meta property=\"article:modified_time\" content=\"2025-01-29T16:31:54+00:00\" \/>\n<meta property=\"og:image\" content=\"http:\/\/resofer.com.pe\/wp-content\/uploads\/2025\/01\/Captura_de_pantalla_2025-01-13_115007-removebg-preview.png\" \/>\n<meta name=\"twitter:card\" content=\"summary_large_image\" \/>\n<meta name=\"twitter:label1\" content=\"Tiempo de lectura\" \/>\n\t<meta name=\"twitter:data1\" content=\"3 minutos\" \/>\n<script type=\"application\/ld+json\" class=\"yoast-schema-graph\">{\"@context\":\"https:\/\/schema.org\",\"@graph\":[{\"@type\":\"WebPage\",\"@id\":\"http:\/\/clinicafernandez.com.pe\/home\/nosotros-2\/\",\"url\":\"http:\/\/clinicafernandez.com.pe\/home\/nosotros-2\/\",\"name\":\"NOSOTROS - Cl\u00ednica Fern\u00e1ndez\",\"isPartOf\":{\"@id\":\"http:\/\/clinicafernandez.com.pe\/home\/#website\"},\"primaryImageOfPage\":{\"@id\":\"http:\/\/clinicafernandez.com.pe\/home\/nosotros-2\/#primaryimage\"},\"image\":{\"@id\":\"http:\/\/clinicafernandez.com.pe\/home\/nosotros-2\/#primaryimage\"},\"thumbnailUrl\":\"http:\/\/resofer.com.pe\/wp-content\/uploads\/2025\/01\/Captura_de_pantalla_2025-01-13_115007-removebg-preview.png\",\"datePublished\":\"2025-01-13T17:25:42+00:00\",\"dateModified\":\"2025-01-29T16:31:54+00:00\",\"breadcrumb\":{\"@id\":\"http:\/\/clinicafernandez.com.pe\/home\/nosotros-2\/#breadcrumb\"},\"inLanguage\":\"es\",\"potentialAction\":[{\"@type\":\"ReadAction\",\"target\":[\"http:\/\/clinicafernandez.com.pe\/home\/nosotros-2\/\"]}]},{\"@type\":\"ImageObject\",\"inLanguage\":\"es\",\"@id\":\"http:\/\/clinicafernandez.com.pe\/home\/nosotros-2\/#primaryimage\",\"url\":\"http:\/\/resofer.com.pe\/wp-content\/uploads\/2025\/01\/Captura_de_pantalla_2025-01-13_115007-removebg-preview.png\",\"contentUrl\":\"http:\/\/resofer.com.pe\/wp-content\/uploads\/2025\/01\/Captura_de_pantalla_2025-01-13_115007-removebg-preview.png\"},{\"@type\":\"BreadcrumbList\",\"@id\":\"http:\/\/clinicafernandez.com.pe\/home\/nosotros-2\/#breadcrumb\",\"itemListElement\":[{\"@type\":\"ListItem\",\"position\":1,\"name\":\"Portada\",\"item\":\"http:\/\/clinicafernandez.com.pe\/home\/\"},{\"@type\":\"ListItem\",\"position\":2,\"name\":\"NOSOTROS\"}]},{\"@type\":\"WebSite\",\"@id\":\"http:\/\/clinicafernandez.com.pe\/home\/#website\",\"url\":\"http:\/\/clinicafernandez.com.pe\/home\/\",\"name\":\"Cl\u00ednica Fern\u00e1ndez\",\"description\":\"Cl\u00ednica Fern\u00e1ndez, Ecodiagnostico Abancay\",\"publisher\":{\"@id\":\"http:\/\/clinicafernandez.com.pe\/home\/#\/schema\/person\/e067244f594757cf4af554c90e985db8\"},\"potentialAction\":[{\"@type\":\"SearchAction\",\"target\":{\"@type\":\"EntryPoint\",\"urlTemplate\":\"http:\/\/clinicafernandez.com.pe\/home\/?s={search_term_string}\"},\"query-input\":{\"@type\":\"PropertyValueSpecification\",\"valueRequired\":true,\"valueName\":\"search_term_string\"}}],\"inLanguage\":\"es\"},{\"@type\":[\"Person\",\"Organization\"],\"@id\":\"http:\/\/clinicafernandez.com.pe\/home\/#\/schema\/person\/e067244f594757cf4af554c90e985db8\",\"name\":\"c2741198\",\"image\":{\"@type\":\"ImageObject\",\"inLanguage\":\"es\",\"@id\":\"http:\/\/clinicafernandez.com.pe\/home\/#\/schema\/person\/image\/\",\"url\":\"https:\/\/clinicafernandez.com.pe\/home\/wp-content\/uploads\/2025\/01\/cropped-CLINICA-FERNANDEZ-MOD_marca-de-agua-scaled-1.jpg\",\"contentUrl\":\"https:\/\/clinicafernandez.com.pe\/home\/wp-content\/uploads\/2025\/01\/cropped-CLINICA-FERNANDEZ-MOD_marca-de-agua-scaled-1.jpg\",\"width\":2558,\"height\":1045,\"caption\":\"c2741198\"},\"logo\":{\"@id\":\"http:\/\/clinicafernandez.com.pe\/home\/#\/schema\/person\/image\/\"}}]}<\/script>\n<!-- \/ Yoast SEO plugin. -->","yoast_head_json":{"title":"NOSOTROS - Cl\u00ednica Fern\u00e1ndez","robots":{"index":"index","follow":"follow","max-snippet":"max-snippet:-1","max-image-preview":"max-image-preview:large","max-video-preview":"max-video-preview:-1"},"canonical":"http:\/\/clinicafernandez.com.pe\/home\/nosotros-2\/","og_locale":"es_ES","og_type":"article","og_title":"NOSOTROS - Cl\u00ednica Fern\u00e1ndez","og_description":"NOSOTROS SOMOS Ecodiagn\u00f3stico Integral, donde brindamos servicios de diagn\u00f3stico m\u00e9dico de alta calidad y cuidado integral en salud ocupacional bajo la direcci\u00f3n del Dr. Jos\u00e9 Luis Hern\u00e1ndez Roman\u00ed, un profesional con amplia experiencia y compromiso con la salud, nos enfocamos en ofrecer soluciones personalizadas para cada paciente, \u00abSomos tus aliados en el cuidado de la [&hellip;]","og_url":"http:\/\/clinicafernandez.com.pe\/home\/nosotros-2\/","og_site_name":"Cl\u00ednica Fern\u00e1ndez","article_modified_time":"2025-01-29T16:31:54+00:00","og_image":[{"url":"http:\/\/resofer.com.pe\/wp-content\/uploads\/2025\/01\/Captura_de_pantalla_2025-01-13_115007-removebg-preview.png","type":"","width":"","height":""}],"twitter_card":"summary_large_image","twitter_misc":{"Tiempo de lectura":"3 minutos"},"schema":{"@context":"https:\/\/schema.org","@graph":[{"@type":"WebPage","@id":"http:\/\/clinicafernandez.com.pe\/home\/nosotros-2\/","url":"http:\/\/clinicafernandez.com.pe\/home\/nosotros-2\/","name":"NOSOTROS - Cl\u00ednica Fern\u00e1ndez","isPartOf":{"@id":"http:\/\/clinicafernandez.com.pe\/home\/#website"},"primaryImageOfPage":{"@id":"http:\/\/clinicafernandez.com.pe\/home\/nosotros-2\/#primaryimage"},"image":{"@id":"http:\/\/clinicafernandez.com.pe\/home\/nosotros-2\/#primaryimage"},"thumbnailUrl":"http:\/\/resofer.com.pe\/wp-content\/uploads\/2025\/01\/Captura_de_pantalla_2025-01-13_115007-removebg-preview.png","datePublished":"2025-01-13T17:25:42+00:00","dateModified":"2025-01-29T16:31:54+00:00","breadcrumb":{"@id":"http:\/\/clinicafernandez.com.pe\/home\/nosotros-2\/#breadcrumb"},"inLanguage":"es","potentialAction":[{"@type":"ReadAction","target":["http:\/\/clinicafernandez.com.pe\/home\/nosotros-2\/"]}]},{"@type":"ImageObject","inLanguage":"es","@id":"http:\/\/clinicafernandez.com.pe\/home\/nosotros-2\/#primaryimage","url":"http:\/\/resofer.com.pe\/wp-content\/uploads\/2025\/01\/Captura_de_pantalla_2025-01-13_115007-removebg-preview.png","contentUrl":"http:\/\/resofer.com.pe\/wp-content\/uploads\/2025\/01\/Captura_de_pantalla_2025-01-13_115007-removebg-preview.png"},{"@type":"BreadcrumbList","@id":"http:\/\/clinicafernandez.com.pe\/home\/nosotros-2\/#breadcrumb","itemListElement":[{"@type":"ListItem","position":1,"name":"Portada","item":"http:\/\/clinicafernandez.com.pe\/home\/"},{"@type":"ListItem","position":2,"name":"NOSOTROS"}]},{"@type":"WebSite","@id":"http:\/\/clinicafernandez.com.pe\/home\/#website","url":"http:\/\/clinicafernandez.com.pe\/home\/","name":"Cl\u00ednica Fern\u00e1ndez","description":"Cl\u00ednica Fern\u00e1ndez, Ecodiagnostico Abancay","publisher":{"@id":"http:\/\/clinicafernandez.com.pe\/home\/#\/schema\/person\/e067244f594757cf4af554c90e985db8"},"potentialAction":[{"@type":"SearchAction","target":{"@type":"EntryPoint","urlTemplate":"http:\/\/clinicafernandez.com.pe\/home\/?s={search_term_string}"},"query-input":{"@type":"PropertyValueSpecification","valueRequired":true,"valueName":"search_term_string"}}],"inLanguage":"es"},{"@type":["Person","Organization"],"@id":"http:\/\/clinicafernandez.com.pe\/home\/#\/schema\/person\/e067244f594757cf4af554c90e985db8","name":"c2741198","image":{"@type":"ImageObject","inLanguage":"es","@id":"http:\/\/clinicafernandez.com.pe\/home\/#\/schema\/person\/image\/","url":"https:\/\/clinicafernandez.com.pe\/home\/wp-content\/uploads\/2025\/01\/cropped-CLINICA-FERNANDEZ-MOD_marca-de-agua-scaled-1.jpg","contentUrl":"https:\/\/clinicafernandez.com.pe\/home\/wp-content\/uploads\/2025\/01\/cropped-CLINICA-FERNANDEZ-MOD_marca-de-agua-scaled-1.jpg","width":2558,"height":1045,"caption":"c2741198"},"logo":{"@id":"http:\/\/clinicafernandez.com.pe\/home\/#\/schema\/person\/image\/"}}]}},"_links":{"self":[{"href":"https:\/\/clinicafernandez.com.pe\/home\/wp-json\/wp\/v2\/pages\/35","targetHints":{"allow":["GET"]}}],"collection":[{"href":"https:\/\/clinicafernandez.com.pe\/home\/wp-json\/wp\/v2\/pages"}],"about":[{"href":"https:\/\/clinicafernandez.com.pe\/home\/wp-json\/wp\/v2\/types\/page"}],"author":[{"embeddable":true,"href":"https:\/\/clinicafernandez.com.pe\/home\/wp-json\/wp\/v2\/users\/2"}],"replies":[{"embeddable":true,"href":"https:\/\/clinicafernandez.com.pe\/home\/wp-json\/wp\/v2\/comments?post=35"}],"version-history":[{"count":8,"href":"https:\/\/clinicafernandez.com.pe\/home\/wp-json\/wp\/v2\/pages\/35\/revisions"}],"predecessor-version":[{"id":962,"href":"https:\/\/clinicafernandez.com.pe\/home\/wp-json\/wp\/v2\/pages\/35\/revisions\/962"}],"wp:attachment":[{"href":"https:\/\/clinicafernandez.com.pe\/home\/wp-json\/wp\/v2\/media?parent=35"}],"curies":[{"name":"wp","href":"https:\/\/api.w.org\/{rel}","templated":true}]}}